{"id":203,"date":"2018-07-16T13:58:35","date_gmt":"2018-07-16T13:58:35","guid":{"rendered":"http:\/\/www.dayfornight.odns.fr\/?page_id=203"},"modified":"2023-02-03T14:30:17","modified_gmt":"2023-02-03T14:30:17","slug":"nos-revolutions","status":"publish","type":"page","link":"https:\/\/www.dayfornight.fr\/en\/nos-revolutions\/","title":{"rendered":"No(s) R\u00e9volution(s)"},"content":{"rendered":"<div data-elementor-type=\"wp-page\" data-elementor-id=\"203\" class=\"elementor elementor-203\">\n\t\t\t\t\t\t<section class=\"elementor-section elementor-top-section elementor-element elementor-element-21927a73 elementor-section-boxed elementor-section-height-default elementor-section-height-default\" data-id=\"21927a73\" data-element_type=\"section\">\n\t\t\t\t\t\t<div class=\"elementor-container elementor-column-gap-default\">\n\t\t\t\t\t<div class=\"elementor-column elementor-col-100 elementor-top-column elementor-element elementor-element-139d2400\" data-id=\"139d2400\" data-element_type=\"column\">\n\t\t\t<div class=\"elementor-widget-wrap\">\n\t\t\t\t\t\t\t<\/div>\n\t\t<\/div>\n\t\t\t\t\t<\/div>\n\t\t<\/section>\n\t\t\t\t<section class=\"elementor-section elementor-top-section elementor-element elementor-element-cf92b4c elementor-section-boxed elementor-section-height-default elementor-section-height-default\" data-id=\"cf92b4c\" data-element_type=\"section\">\n\t\t\t\t\t\t<div class=\"elementor-container elementor-column-gap-default\">\n\t\t\t\t\t<div class=\"elementor-column elementor-col-100 elementor-top-column elementor-element elementor-element-f50551d\" data-id=\"f50551d\" data-element_type=\"column\">\n\t\t\t<div class=\"elementor-widget-wrap elementor-element-populated\">\n\t\t\t\t\t\t<div class=\"elementor-element elementor-element-ad18205 elementor-widget elementor-widget-text-editor\" data-id=\"ad18205\" data-element_type=\"widget\" data-widget_type=\"text-editor.default\">\n\t\t\t\t<div class=\"elementor-widget-container\">\n\t\t\t\t\t\t\t<p><span style=\"font-family: Andale Mono, Times; color: #00786e;\">________<\/span><\/p><p><span style=\"font-family: gravity-light; font-size: 36pt; color: #00786e;\">No(s) R\u00e9volution(s)<\/span><\/p><p><span style=\"font-family: gravity-book; font-size: 10pt; color: #00786e;\">CR\u00c9ATION 2016<\/span><\/p>\t\t\t\t\t\t<\/div>\n\t\t\t\t<\/div>\n\t\t\t\t\t<\/div>\n\t\t<\/div>\n\t\t\t\t\t<\/div>\n\t\t<\/section>\n\t\t\t\t<section class=\"elementor-section elementor-top-section elementor-element elementor-element-569dc461 elementor-section-boxed elementor-section-height-default elementor-section-height-default\" data-id=\"569dc461\" data-element_type=\"section\">\n\t\t\t\t\t\t<div class=\"elementor-container elementor-column-gap-wide\">\n\t\t\t\t\t<div class=\"elementor-column elementor-col-66 elementor-top-column elementor-element elementor-element-4f2d59ff\" data-id=\"4f2d59ff\" data-element_type=\"column\">\n\t\t\t<div class=\"elementor-widget-wrap elementor-element-populated\">\n\t\t\t\t\t\t<div class=\"elementor-element elementor-element-44667353 elementor-widget elementor-widget-text-editor\" data-id=\"44667353\" data-element_type=\"widget\" data-widget_type=\"text-editor.default\">\n\t\t\t\t<div class=\"elementor-widget-container\">\n\t\t\t\t\t\t\t<p><span style=\"font-family: gravity-book; font-size: 12pt;\">Ici et maintenant, dans un espace en construction, quatre acteurs, de trois nationalit\u00e9s (allemande, fran\u00e7aise, portugaise), parlent de leurs souvenirs de r\u00e9volution et de la possibilit\u00e9 d\u2019une r\u00e9volution aujourd\u2019hui \u2013 que serait-elle ? Quels seraient ses mots d\u2019ordre ? Cette communaut\u00e9 va traverser l\u2019imagerie des r\u00e9volutions pass\u00e9es et de leurs traces.<\/span><br \/><span style=\"font-family: gravity-book; font-size: 12pt;\">Ils \u00e9voquent des tableaux, traversent leurs souvenirs personnels de r\u00e9volutions r\u00e9centes. Des concepts politiques, li\u00e9s \u00e0 l\u2019histoire nationale s\u2019av\u00e8rent \u00ab intraduisibles \u00bb et le processus de la traduction devient elle aussi mati\u00e8re de plateau ; les trois langues s\u2019entendent et se r\u00e9pondent.<\/span><\/p><p><span style=\"font-family: gravity-book; font-size: 12pt;\">Comme des flashs subliminaux appara\u00eet <em>Marat assassin\u00e9<\/em>, \u00a0des bras qui passent au-dessus d\u2019un mur, des silhouettes r\u00e9volutionnaires. \u00ab Notre \u00bb r\u00e9volution imaginaire se construit \u00e0 partir d\u2019anecdotes venues de divers lieux et diff\u00e9rentes \u00e9poques. Peu \u00e0 peu, la fiction contamine le r\u00e9el : \u00e0 l\u2019ext\u00e9rieur, une r\u00e9volte, une chose qui gronde et dont personne ne sait encore rien, sur laquelle circulent des t\u00e9moignages contradictoires.<\/span><br \/><span style=\"font-family: gravity-book; font-size: 12pt;\">La violence et la terreur sont-elles \u00e9vitables ? La r\u00e9volution est-elle forc\u00e9ment une d\u00e9ception ? Que diront les g\u00e9n\u00e9rations futures ? Actuelles ? Et quelles sont leurs r\u00e9volutions, et celles qu\u2019elles ne font pas ? Quel est l\u2019h\u00e9ritage des r\u00e9volutions ? Et leur folklore, leur kitsch ? Voire leur \u00ab tourisme \u00bb? Comme l\u2019interroge l\u2019historienne Sophie Wahnich, pourquoi a-t-on aujourd\u2019hui, depuis 1989, int\u00e9rioris\u00e9 l\u2019id\u00e9e que l\u2019utopie et le d\u00e9sir d\u2019une vie meilleure m\u00e8nent forc\u00e9ment au totalitarisme ? Comment aujourd\u2019hui, cr\u00e9er l\u2019irr\u00e9versible ?<\/span><\/p>\t\t\t\t\t\t<\/div>\n\t\t\t\t<\/div>\n\t\t\t\t<div class=\"elementor-element elementor-element-660637f elementor-widget elementor-widget-text-editor\" data-id=\"660637f\" data-element_type=\"widget\" data-widget_type=\"text-editor.default\">\n\t\t\t\t<div class=\"elementor-widget-container\">\n\t\t\t\t\t\t\t<p><span style=\"font-family: gravity-book; font-size: 10pt;\"><span style=\"font-family: gravity-bold; color: #00786e;\">PRODUCTION<\/span><br \/><span style=\"font-family: gravity-bold;\">Production<\/span> day-for-night<\/span><br \/><span style=\"font-family: gravity-book; font-size: 10pt;\"><span style=\"font-family: gravity-bold;\">Coproduction<\/span> Le Granit \u2013 Sc\u00e8ne nationale de Belfort, CDN \u2013 Besan\u00e7on Franche-Comt\u00e9, Th\u00e9\u00e2tre-Cin\u00e9ma Paul Eluard de Choisy-le-Roi, DSN \u2013Dieppe\u00a0 Sc\u00e8ne Nationale , Th\u00e9\u00e2tre Jean Lur\u00e7at \u2013 Sc\u00e8ne nationale d\u2019Aubusson, le Colectivo 84, Th\u00e9\u00e2tre de Thouars \u2013 Sc\u00e8ne conventionn\u00e9e.<\/span><br \/><span style=\"font-family: gravity-book; font-size: 10pt;\"><span style=\"font-family: gravity-bold;\">With the support<\/span> du Goethe Institut de Paris, de l\u2019Institut Fran\u00e7ais du Portugal, de l\u2019Institut Fran\u00e7ais dans le cadre du dispositif Th\u00e9\u00e2tre Export, de 31 Juin Films, du Th\u00e9\u00e2tre Paris Villette, du Fonds Transfabrik \u2013 Fonds franco-allemand pour le spectacle vivant, du Fonds SACD Th\u00e9\u00e2tre. Avec l\u2019aide \u00e0 la cr\u00e9ation du CnT.<\/span><br \/><span style=\"font-family: gravity-book; font-size: 10pt;\">Le d\u00e9cor a \u00e9t\u00e9 construit dans les ateliers du CDN \u2013 Besan\u00e7on Franche-Comt\u00e9.<br \/><br \/><\/span><span style=\"font-family: gravity-book; font-size: 10pt;\">La compagnie day-for-night est soutenue dans ses projets par la R\u00e9gion Franche-Comt\u00e9 et par la DRAC Franche-Comt\u00e9.<\/span><br \/><span style=\"font-family: gravity-book; font-size: 10pt;\">L\u2019Arche \u00e9diteur est agent du texte repr\u00e9sent\u00e9.<\/span><\/p>\t\t\t\t\t\t<\/div>\n\t\t\t\t<\/div>\n\t\t\t\t\t<\/div>\n\t\t<\/div>\n\t\t\t\t<div class=\"elementor-column elementor-col-33 elementor-top-column elementor-element elementor-element-37495e51\" data-id=\"37495e51\" data-element_type=\"column\">\n\t\t\t<div class=\"elementor-widget-wrap elementor-element-populated\">\n\t\t\t\t\t\t<div class=\"elementor-element elementor-element-19b699c elementor-widget elementor-widget-image\" data-id=\"19b699c\" data-element_type=\"widget\" data-widget_type=\"image.default\">\n\t\t\t\t<div class=\"elementor-widget-container\">\n\t\t\t\t\t\t\t\t\t\t\t\t\t<img fetchpriority=\"high\" decoding=\"async\" width=\"768\" height=\"512\" src=\"https:\/\/www.dayfornight.fr\/wp-content\/uploads\/2023\/01\/Nos-revolutions-\u00a9Simon-Gosselin-768x512.jpg\" class=\"attachment-medium_large size-medium_large wp-image-1700\" alt=\"\" srcset=\"https:\/\/www.dayfornight.fr\/wp-content\/uploads\/2023\/01\/Nos-revolutions-\u00a9Simon-Gosselin-768x512.jpg 768w, https:\/\/www.dayfornight.fr\/wp-content\/uploads\/2023\/01\/Nos-revolutions-\u00a9Simon-Gosselin-300x200.jpg 300w, https:\/\/www.dayfornight.fr\/wp-content\/uploads\/2023\/01\/Nos-revolutions-\u00a9Simon-Gosselin.jpg 1000w\" sizes=\"(max-width: 768px) 100vw, 768px\" \/>\t\t\t\t\t\t\t\t\t\t\t\t\t<\/div>\n\t\t\t\t<\/div>\n\t\t\t\t<div class=\"elementor-element elementor-element-df39859 elementor-widget elementor-widget-text-editor\" data-id=\"df39859\" data-element_type=\"widget\" data-widget_type=\"text-editor.default\">\n\t\t\t\t<div class=\"elementor-widget-container\">\n\t\t\t\t\t\t\t<p style=\"text-align: center;\"><span style=\"font-size: 8pt; font-family: gravity-book;\">\u00a9Simon Gosselin<\/span><\/p>\t\t\t\t\t\t<\/div>\n\t\t\t\t<\/div>\n\t\t\t\t<div class=\"elementor-element elementor-element-7590066d elementor-widget elementor-widget-text-editor\" data-id=\"7590066d\" data-element_type=\"widget\" data-widget_type=\"text-editor.default\">\n\t\t\t\t<div class=\"elementor-widget-container\">\n\t\t\t\t\t\t\t<p><span style=\"font-family: gravity-book; font-size: 10pt;\"><span style=\"font-family: gravity-bold; color: #00786e;\">CAST<\/span><br \/>Conception, dramaturgie et mise en sc\u00e8ne <span style=\"font-family: gravity-bold;\">Anne Monfort<\/span><\/span><br \/><span style=\"font-family: gravity-book; font-size: 10pt;\">Ecriture <span style=\"font-family: gravity-bold;\">Mickael de Oliveira<\/span> and <span style=\"font-family: gravity-bold;\">Ulrike Syha<\/span><\/span><br \/><span style=\"font-family: gravity-book; font-size: 10pt;\">Assistante \u00e0 la mise en sc\u00e8ne et \u00e0 la dramaturgie <span style=\"font-family: gravity-bold;\">Alexia Krioucoff<\/span><\/span><br \/><span style=\"font-family: gravity-book; font-size: 10pt;\">With\u00a0<span style=\"font-family: gravity-bold;\">Claude Guyonnet, Anne S\u00e9e, Anna Schmidt, Sara Vaz<\/span><\/span><br \/><span style=\"font-family: gravity-book; font-size: 10pt;\">Cr\u00e9ation et r\u00e9gie lumi\u00e8re, r\u00e9gie g\u00e9n\u00e9rale <span style=\"font-family: gravity-bold;\">C\u00e9cile Robin<\/span><\/span><br \/><span style=\"font-family: gravity-book; font-size: 10pt;\">Cr\u00e9ation et r\u00e9gie son <span style=\"font-family: gravity-bold;\">Emmanuel Richier<\/span><\/span><br \/><span style=\"font-family: gravity-book; font-size: 10pt;\">Scenography and costumes <span style=\"font-family: gravity-bold;\">Cl\u00e9mence Kazemi<\/span> assisted by<span style=\"font-family: gravity-bold;\"> Benjamin Sillon<\/span><\/span><br \/><span style=\"font-family: gravity-book; font-size: 10pt;\">Collaboration et conseil historique <span style=\"font-family: gravity-bold;\">Maud Chirio<\/span><\/span><br \/><span style=\"font-family: gravity-book; font-size: 10pt;\">Administration, production, diffusion<span style=\"font-family: gravity-bold;\"> Juliette Medelli<\/span> (Copilote)<\/span><br \/><span style=\"font-family: gravity-book; font-size: 10pt;\">Production Allemagne <span style=\"font-family: gravity-bold;\">Katja Kettner<\/span> and <span style=\"font-family: gravity-bold;\">Tine Elbel<\/span> (Kunststoff)<\/span><br \/><span style=\"font-family: gravity-book; font-size: 10pt;\">Production Portugal <span style=\"font-family: gravity-bold;\">Maria Manuel<\/span> and<span style=\"font-family: gravity-bold;\"> Maria Jo\u00e3o Santos<\/span> (Stage One)<\/span><br \/><span style=\"font-family: gravity-book; font-size: 10pt;\">Avec l\u2019aide de<span style=\"font-family: gravity-bold;\"> Flavia Amarrurtu<\/span> and <span style=\"font-family: gravity-bold;\">Charl\u00e8ne Strock<\/span><br \/>Traductions <span style=\"font-family: gravity-bold;\">Marlene Knupfer<\/span> and\u00a0<span style=\"font-family: gravity-bold;\">Elisabeth Schuster<\/span><br \/>Thanks <span style=\"font-family: gravity-bold;\">Matthieu Roy<\/span> and<span style=\"font-family: gravity-bold;\"> S\u00e9verine Weiss<\/span><\/span><\/p>\t\t\t\t\t\t<\/div>\n\t\t\t\t<\/div>\n\t\t\t\t<div class=\"elementor-element elementor-element-864701c elementor-widget elementor-widget-text-editor\" data-id=\"864701c\" data-element_type=\"widget\" data-widget_type=\"text-editor.default\">\n\t\t\t\t<div class=\"elementor-widget-container\">\n\t\t\t\t\t\t\t<p><span style=\"font-family: gravity-bold; font-size: 10pt; color: #00786e;\">PERFORMANCE DATES<\/span><\/p><p><span style=\"font-family: gravity-book; font-size: 10pt;\"><span style=\"font-family: gravity-bold;\">Le 19 novembre 2015<\/span> | <em>Avant-premi\u00e8re\u00a0<\/em><br \/>Teatro Academico Gil Vicente \u2013 Coimbra (PO)<\/span><br \/><span style=\"font-family: gravity-book; font-size: 10pt;\"><span style=\"font-family: gravity-bold;\">Du 5 au 8 janvier 2016<\/span> |<em> Cr\u00e9ation\u00a0<\/em> <br \/>Le Granit, Sc\u00e8ne nationale de Belfort<\/span><br \/><span style=\"font-family: gravity-book; font-size: 10pt;\"><span style=\"font-family: gravity-bold;\">Le 14 janvier 2016<\/span> <br \/>Le Carreau, Sc\u00e8ne nationale de Forbach<\/span><br \/><span style=\"font-family: gravity-book; font-size: 10pt;\"><span style=\"font-family: gravity-bold;\">Les 19 et 20 janvier 2016<\/span> <br \/>Ballhaus Ost \u2013 Berlin (DE)<\/span><br \/><span style=\"font-family: gravity-book; font-size: 10pt;\"><span style=\"font-family: gravity-bold;\">Les 22 et 23 janvier 2016<\/span> <br \/>Lichthof \u2013 Hambourg (DE)<\/span><br \/><span style=\"font-family: gravity-book; font-size: 10pt;\"><span style=\"font-family: gravity-bold;\">Du 27 au 31 janvier 2016<\/span> <br \/>Le Colombier, Bagnolet <br \/><\/span><span style=\"font-family: gravity-book; font-size: 10pt;\"><span style=\"font-family: gravity-bold;\">Le 4 f\u00e9vrier 2016<\/span> <br \/>Th\u00e9\u00e2tre Jean Lur\u00e7at, Sc\u00e8ne nationale d\u2019Aubusson\u00a0<\/span><br \/><span style=\"font-family: gravity-book; font-size: 10pt;\"><span style=\"font-family: gravity-bold;\">Le 3 mars 2016<\/span> <br \/>DSN, Sc\u00e8ne nationale de Dieppe\u00a0<\/span><br \/><span style=\"font-family: gravity-book; font-size: 10pt;\"><span style=\"font-family: gravity-bold;\">\u00a0Le 8 mars 2016<\/span> <br \/>Th\u00e9\u00e2tre de Thouars, Sc\u00e8ne conventionn\u00e9e\u00a0<\/span><br \/><span style=\"font-family: gravity-book; font-size: 10pt;\"><span style=\"font-family: gravity-bold;\">Le 15 mars 2016<\/span>\u00a0<br \/>Th\u00e9\u00e2tre Paul Eluard, Sc\u00e8ne conventionn\u00e9e de <span style=\"font-family: gravity-bold;\">Choisy-le-Roi\u00a0<\/span><\/span><br \/><span style=\"font-family: gravity-book; font-size: 10pt;\"><span style=\"font-family: gravity-bold;\">Le 18 mars 2016<\/span> <br \/>Le Nouveau Relax, Sc\u00e8ne conventionn\u00e9e de Chaumont\u00a0<\/span><br \/><span style=\"font-family: gravity-book; font-size: 10pt;\"><span style=\"font-family: gravity-bold;\">Le 21 avril 2016<\/span> <br \/>Festival Terres de paroles, Duclair\u00a0<\/span><\/p><p><span style=\"font-family: gravity-book; font-size: 10pt;\">L\u2019ing\u00e9nieur du son Emmanuel Richier a pr\u00e9sent\u00e9 en mars 2016 une installation sonore \u00ab\u00a0Leur R\u00e9volution\u00a0\u00bb au Th\u00e9\u00e2tre Paul Eluard de Choisy-le-Roi.<\/span><\/p>\t\t\t\t\t\t<\/div>\n\t\t\t\t<\/div>\n\t\t\t\t<div class=\"elementor-element elementor-element-2f46698 elementor-widget elementor-widget-text-editor\" data-id=\"2f46698\" data-element_type=\"widget\" data-widget_type=\"text-editor.default\">\n\t\t\t\t<div class=\"elementor-widget-container\">\n\t\t\t\t\t\t\t<p><span style=\"font-family: gravity-book; font-size: 10pt;\"><span style=\"color: #00786e; font-family: gravity-bold;\">MORE INFORMATIONS<\/span><br \/><span style=\"text-decoration: underline; color: #ffffff;\"><a style=\"color: #ffffff; text-decoration: underline;\" href=\"https:\/\/vimeo.com\/236054516\" target=\"_blank\" rel=\"noopener\">x Watch the teaser<\/a><\/span><br \/>x Read the french press<br \/><em><span style=\"text-decoration: underline;\">___<\/span><a href=\"https:\/\/www.radiofrance.fr\/franceculture\/podcasts\/la-dispute\/spectacle-vivant-le-meridien-la-cerisaie-3794749\" target=\"_blank\" rel=\"noopener\">France Culture<\/a><br \/><span style=\"text-decoration: underline;\">___<\/span><a href=\"http:\/\/issuu.com\/polyweb\/docs\/poly_183?e=1539501\/31742081\" target=\"_blank\" rel=\"noopener\">Magazine Poly\u00a0<\/a><span style=\"text-decoration: underline;\"><br \/><\/span><\/em><\/span><em style=\"font-family: gravity-book; font-size: 10pt;\">___<a href=\"https:\/\/annemonfort.files.wordpress.com\/2015\/11\/2016_06_21_article_nr_thecc81acc82tres.pdf\" target=\"_blank\" rel=\"noopener\">Th\u00e9\u00e2tre(s) Magazine<\/a><br \/><span style=\"font-family: gravity-book; font-size: 10pt;\"><em>___<a title=\"Nos_ re\u0301volutions_presseHambourg\" href=\"https:\/\/annemonfort.files.wordpress.com\/2015\/11\/nos_-recc81volutions_pressehambourg.docx\" target=\"_blank\" rel=\"noopener\">Hamburgtheater \u2013 Janvier 2016<\/a><\/em><\/span><\/em><span style=\"font-family: gravity-book; font-size: 10pt;\"><br \/><\/span><\/p>\t\t\t\t\t\t<\/div>\n\t\t\t\t<\/div>\n\t\t\t\t\t<\/div>\n\t\t<\/div>\n\t\t\t\t\t<\/div>\n\t\t<\/section>\n\t\t\t\t<section class=\"elementor-section elementor-top-section elementor-element elementor-element-49b7ba8 elementor-section-boxed elementor-section-height-default elementor-section-height-default\" data-id=\"49b7ba8\" data-element_type=\"section\">\n\t\t\t\t\t\t<div class=\"elementor-container elementor-column-gap-default\">\n\t\t\t\t\t<div class=\"elementor-column elementor-col-100 elementor-top-column elementor-element elementor-element-487dc35\" data-id=\"487dc35\" data-element_type=\"column\">\n\t\t\t<div class=\"elementor-widget-wrap elementor-element-populated\">\n\t\t\t\t\t\t<div class=\"elementor-element elementor-element-ba545fe elementor-widget elementor-widget-toggle\" data-id=\"ba545fe\" data-element_type=\"widget\" data-widget_type=\"toggle.default\">\n\t\t\t\t<div class=\"elementor-widget-container\">\n\t\t\t\t\t<div class=\"elementor-toggle\">\n\t\t\t\t\t\t\t<div class=\"elementor-toggle-item\">\n\t\t\t\t\t<div id=\"elementor-tab-title-1951\" class=\"elementor-tab-title\" data-tab=\"1\" role=\"button\" aria-controls=\"elementor-tab-content-1951\" aria-expanded=\"false\">\n\t\t\t\t\t\t\t\t\t\t\t\t<span class=\"elementor-toggle-icon elementor-toggle-icon-left\" aria-hidden=\"true\">\n\t\t\t\t\t\t\t\t\t\t\t\t\t\t\t<i class=\"elementor-toggle-icon-closed fa fa-plus\"><\/i>\n\t\t\t\t\t\t\t\t<i class=\"elementor-toggle-icon-opened fa fa-minus\"><\/i>\n\t\t\t\t\t\t\t\t\t\t\t\t\t<\/span>\n\t\t\t\t\t\t\t\t\t\t\t\t<a class=\"elementor-toggle-title\" tabindex=\"0\">teaser<\/a>\n\t\t\t\t\t<\/div>\n\n\t\t\t\t\t<div id=\"elementor-tab-content-1951\" class=\"elementor-tab-content elementor-clearfix\" data-tab=\"1\" role=\"region\" aria-labelledby=\"elementor-tab-title-1951\"><p><a href=\"https:\/\/vimeo.com\/236054516\" target=\"_blank\" rel=\"noopener\">&gt; voir la vid\u00e9o<\/a><\/p><\/div>\n\t\t\t\t<\/div>\n\t\t\t\t\t\t\t<div class=\"elementor-toggle-item\">\n\t\t\t\t\t<div id=\"elementor-tab-title-1952\" class=\"elementor-tab-title\" data-tab=\"2\" role=\"button\" aria-controls=\"elementor-tab-content-1952\" aria-expanded=\"false\">\n\t\t\t\t\t\t\t\t\t\t\t\t<span class=\"elementor-toggle-icon elementor-toggle-icon-left\" aria-hidden=\"true\">\n\t\t\t\t\t\t\t\t\t\t\t\t\t\t\t<i class=\"elementor-toggle-icon-closed fa fa-plus\"><\/i>\n\t\t\t\t\t\t\t\t<i class=\"elementor-toggle-icon-opened fa fa-minus\"><\/i>\n\t\t\t\t\t\t\t\t\t\t\t\t\t<\/span>\n\t\t\t\t\t\t\t\t\t\t\t\t<a class=\"elementor-toggle-title\" tabindex=\"0\">dates <\/a>\n\t\t\t\t\t<\/div>\n\n\t\t\t\t\t<div id=\"elementor-tab-content-1952\" class=\"elementor-tab-content elementor-clearfix\" data-tab=\"2\" role=\"region\" aria-labelledby=\"elementor-tab-title-1952\"><p><span style=\"color: #ffffff;\">Avant-premi\u00e8re <strong>19 novembre 2015<\/strong>\u00a0au<\/span> <a href=\"http:\/\/www.tagv.pt\/nos-revolutions-2\/\">Teatro Academico Gil Vicente \u2013 Coimbra<\/a><span style=\"color: #ffffff;\"> (Portugal)<\/span><br \/><span style=\"color: #ffffff;\">Cr\u00e9ation<strong> 05 \u203a 08 janvier 2016<\/strong><\/span>\u00a0<a href=\"http:\/\/www.legranit.org\/lire_la_suite.php?id=318\">Le Granit, Sc\u00e8ne nationale de Belfort <\/a><span style=\"color: #ffffff;\">(90)<\/span><br \/><span style=\"color: #ffffff;\"><strong>14 janvier 2016<\/strong><\/span>\u00a0<a href=\"http:\/\/carreau-forbach.com\/event\/nos-revolutions\/\">Le Carreau, Sc\u00e8ne nationale de Forbach<\/a> <span style=\"color: #ffffff;\">(57)<\/span><br \/><span style=\"color: #ffffff;\"><strong>19 et 20 janvier 2016<\/strong>\u00a0Ballhaus Ost \u2013 Berlin (Allemagne)<\/span><br \/><span style=\"color: #ffffff;\"><strong>22 et 23 janvier 2016<\/strong>\u00a0Lichthof \u2013 Hambourg (Allemagne)<\/span><br \/><span style=\"color: #ffffff;\"><strong>27 \u203a 31 janvier 2016<\/strong><\/span>\u00a0<a href=\"http:\/\/www.lecolombier-langaja.com\/programmation\/2015-2016\/nos-revolutions\/\">Le Colombier, Bagnolet <\/a><span style=\"color: #ffffff;\">(93)<\/span><br \/><span style=\"color: #ffffff;\"><strong>04 f\u00e9vrier 2016<\/strong><\/span>\u00a0<a href=\"http:\/\/www.ccajl.com\/17norevolution.php\">Th\u00e9\u00e2tre Jean Lur\u00e7at, Sc\u00e8ne nationale d\u2019Aubusson<\/a> <span style=\"color: #ffffff;\">(23)<\/span><br \/><span style=\"color: #ffffff;\"><strong>03 mars 2016<\/strong><\/span>\u00a0<a href=\"http:\/\/www.dsn.asso.fr\/saison15-16\/spectacle\/nosrevolutions.php\">DSN, Sc\u00e8ne nationale de Dieppe<\/a> <span style=\"color: #ffffff;\">(76)<\/span><br \/><span style=\"color: #ffffff;\"><strong>08 mars 2016<\/strong><\/span>\u00a0<a href=\"http:\/\/www.theatre-thouars.com\/saison20152016.html\">Th\u00e9\u00e2tre de Thouars, Sc\u00e8ne conventionn\u00e9e<\/a> <span style=\"color: #ffffff;\">(79)<\/span><br \/><span style=\"color: #ffffff;\"><strong>15 mars 2016<\/strong><\/span>\u00a0<a href=\"http:\/\/theatrecinemachoisy.fr\/events\/event\/nos-revolutions\/\">Th\u00e9\u00e2tre Paul Eluard, Sc\u00e8ne conventionn\u00e9e de Choisy-le-Roi<\/a> <span style=\"color: #ffffff;\">(94)<\/span><br \/><span style=\"color: #ffffff;\"><strong>18 mars 2016<\/strong><\/span>\u00a0<a href=\"http:\/\/www.lenouveaurelax.fr\">Le Nouveau Relax, Sc\u00e8ne conventionn\u00e9e de Chaumont <\/a><span style=\"color: #ffffff;\">(52)<\/span><br \/><span style=\"color: #ffffff;\"><strong>21 avril 2016<\/strong>\u00a0<\/span><a href=\"http:\/\/2016.terres-de-paroles.com\">Festival Terres de paroles, Duclair<\/a> <span style=\"color: #ffffff;\">(76)<\/span><\/p><p><span style=\"color: #ffffff;\">L\u2019ing\u00e9nieur du son Emmanuel Richier a pr\u00e9sent\u00e9 en mars 2016 une installation sonore \u00ab\u00a0Leur R\u00e9volution\u00a0\u00bb au Th\u00e9\u00e2tre Paul Eluard de Choisy-le-Roi.<\/span><\/p><\/div>\n\t\t\t\t<\/div>\n\t\t\t\t\t\t\t<div class=\"elementor-toggle-item\">\n\t\t\t\t\t<div id=\"elementor-tab-title-1953\" class=\"elementor-tab-title\" data-tab=\"3\" role=\"button\" aria-controls=\"elementor-tab-content-1953\" aria-expanded=\"false\">\n\t\t\t\t\t\t\t\t\t\t\t\t<span class=\"elementor-toggle-icon elementor-toggle-icon-left\" aria-hidden=\"true\">\n\t\t\t\t\t\t\t\t\t\t\t\t\t\t\t<i class=\"elementor-toggle-icon-closed fa fa-plus\"><\/i>\n\t\t\t\t\t\t\t\t<i class=\"elementor-toggle-icon-opened fa fa-minus\"><\/i>\n\t\t\t\t\t\t\t\t\t\t\t\t\t<\/span>\n\t\t\t\t\t\t\t\t\t\t\t\t<a class=\"elementor-toggle-title\" tabindex=\"0\">presse<\/a>\n\t\t\t\t\t<\/div>\n\n\t\t\t\t\t<div id=\"elementor-tab-content-1953\" class=\"elementor-tab-content elementor-clearfix\" data-tab=\"3\" role=\"region\" aria-labelledby=\"elementor-tab-title-1953\"><p>RADIO \u2013 France Culture \u2013 <a href=\"http:\/\/www.franceculture.fr\/emission-la-dispute-spectacle-vivant-le-meridien-la-cerisaie-2015-12-14\">Le Coup de Fil de la Dispute \/ Arnaud Laporte \u2013 14 d\u00e9cembre 2015 <\/a><br \/>ARTICLE \u2013 <a href=\"http:\/\/issuu.com\/polyweb\/docs\/poly_183?e=1539501\/31742081\">Magazine Poly \u2013 D\u00e9cembre 2015 <\/a>\u2013 Par Thomas Flagel<br \/>ARTICLE \u2013 <a title=\"2016_06_21_Article_NR_The\u0301a\u0302tre(s)\" href=\"https:\/\/annemonfort.files.wordpress.com\/2015\/11\/2016_06_21_article_nr_thecc81acc82tres.pdf\">Th\u00e9\u00e2tre(s) Magazine<\/a> \u2013 Juin 2016 \u2013 Par Anne Quentin<br \/>ARTICLE \u2013 <a title=\"Nos_ re\u0301volutions_presseHambourg\" href=\"https:\/\/annemonfort.files.wordpress.com\/2015\/11\/nos_-recc81volutions_pressehambourg.docx\">Hamburgtheater\u00a0\u2013 Janvier 2016<\/a><\/p><\/div>\n\t\t\t\t<\/div>\n\t\t\t\t\t\t\t\t<\/div>\n\t\t\t\t<\/div>\n\t\t\t\t<\/div>\n\t\t\t\t\t<\/div>\n\t\t<\/div>\n\t\t\t\t\t<\/div>\n\t\t<\/section>\n\t\t\t\t<\/div>","protected":false},"excerpt":{"rendered":"<p>________ No(s) R\u00e9volution(s) CR\u00c9ATION 2016 Ici et maintenant, dans un espace en construction, quatre acteurs, de trois nationalit\u00e9s (allemande, fran\u00e7aise,<\/p>","protected":false},"author":1,"featured_media":0,"parent":0,"menu_order":0,"comment_status":"closed","ping_status":"closed","template":"","meta":[],"_links":{"self":[{"href":"https:\/\/www.dayfornight.fr\/en\/wp-json\/wp\/v2\/pages\/203"}],"collection":[{"href":"https:\/\/www.dayfornight.fr\/en\/wp-json\/wp\/v2\/pages"}],"about":[{"href":"https:\/\/www.dayfornight.fr\/en\/wp-json\/wp\/v2\/types\/page"}],"author":[{"embeddable":true,"href":"https:\/\/www.dayfornight.fr\/en\/wp-json\/wp\/v2\/users\/1"}],"replies":[{"embeddable":true,"href":"https:\/\/www.dayfornight.fr\/en\/wp-json\/wp\/v2\/comments?post=203"}],"version-history":[{"count":21,"href":"https:\/\/www.dayfornight.fr\/en\/wp-json\/wp\/v2\/pages\/203\/revisions"}],"predecessor-version":[{"id":2746,"href":"https:\/\/www.dayfornight.fr\/en\/wp-json\/wp\/v2\/pages\/203\/revisions\/2746"}],"wp:attachment":[{"href":"https:\/\/www.dayfornight.fr\/en\/wp-json\/wp\/v2\/media?parent=203"}],"curies":[{"name":"wp","href":"https:\/\/api.w.org\/{rel}","templated":true}]}}