{"id":3130,"date":"2023-07-18T14:38:48","date_gmt":"2023-07-18T14:38:48","guid":{"rendered":"http:\/\/www.dayfornight.fr\/?page_id=3130"},"modified":"2026-04-30T08:37:35","modified_gmt":"2026-04-30T08:37:35","slug":"la-migration-des-coeurs","status":"publish","type":"page","link":"https:\/\/www.dayfornight.fr\/en\/la-migration-des-coeurs\/","title":{"rendered":"La migration des c\u0153urs"},"content":{"rendered":"<div data-elementor-type=\"wp-page\" data-elementor-id=\"3130\" class=\"elementor elementor-3130\">\n\t\t\t\t\t\t<section class=\"elementor-section elementor-top-section elementor-element elementor-element-3000fd2f elementor-section-boxed elementor-section-height-default elementor-section-height-default\" data-id=\"3000fd2f\" data-element_type=\"section\">\n\t\t\t\t\t\t<div class=\"elementor-container elementor-column-gap-default\">\n\t\t\t\t\t<div class=\"elementor-column elementor-col-100 elementor-top-column elementor-element elementor-element-1a640989\" data-id=\"1a640989\" data-element_type=\"column\">\n\t\t\t<div class=\"elementor-widget-wrap elementor-element-populated\">\n\t\t\t\t\t\t<div class=\"elementor-element elementor-element-146294b1 elementor-widget elementor-widget-text-editor\" data-id=\"146294b1\" data-element_type=\"widget\" data-widget_type=\"text-editor.default\">\n\t\t\t\t<div class=\"elementor-widget-container\">\n\t\t\t\t\t\t\t<!-- wp:fl-builder\/layout \/-->\t\t\t\t\t\t<\/div>\n\t\t\t\t<\/div>\n\t\t\t\t\t<\/div>\n\t\t<\/div>\n\t\t\t\t\t<\/div>\n\t\t<\/section>\n\t\t\t\t<section class=\"elementor-section elementor-top-section elementor-element elementor-element-8d4f7e7 elementor-section-boxed elementor-section-height-default elementor-section-height-default\" data-id=\"8d4f7e7\" data-element_type=\"section\">\n\t\t\t\t\t\t<div class=\"elementor-container elementor-column-gap-default\">\n\t\t\t\t\t<div class=\"elementor-column elementor-col-100 elementor-top-column elementor-element elementor-element-e35197f\" data-id=\"e35197f\" data-element_type=\"column\">\n\t\t\t<div class=\"elementor-widget-wrap elementor-element-populated\">\n\t\t\t\t\t\t<div class=\"elementor-element elementor-element-2a5f401 elementor-widget elementor-widget-text-editor\" data-id=\"2a5f401\" data-element_type=\"widget\" data-widget_type=\"text-editor.default\">\n\t\t\t\t<div class=\"elementor-widget-container\">\n\t\t\t\t\t\t\t<div data-id=\"b019a62\" data-element_type=\"widget\" data-widget_type=\"text-editor.default\">\n<div>\n<div>\n<p><span style=\"color: #00786e; font-family: 'Andale Mono', Times;\">________<\/span><\/p>\n<p><span style=\"color: #00786e;\"><span style=\"font-family: gravity-light;\"><span style=\"font-size: 36pt;\">la migration des c\u0153urs<\/span><\/span><\/span><span style=\"color: #00786e;\"><span style=\"font-family: gravity-light;\"><span style=\"font-size: 48px;\"><span style=\"font-size: 24pt;\"> (Wuthering Heights)<\/span><br \/><\/span><\/span><\/span><span style=\"color: #00786e; font-family: gravity-book; font-size: 13.3333px; font-style: normal; font-variant-ligatures: normal; font-variant-caps: normal; font-weight: 400;\">CR\u00c9ATION 2025 &#8211; 2026<br \/><br \/><\/span><\/p>\n<\/div>\n<\/div>\n<\/div>\t\t\t\t\t\t<\/div>\n\t\t\t\t<\/div>\n\t\t\t\t\t<\/div>\n\t\t<\/div>\n\t\t\t\t\t<\/div>\n\t\t<\/section>\n\t\t\t\t<section class=\"elementor-section elementor-top-section elementor-element elementor-element-b456e4c elementor-section-boxed elementor-section-height-default elementor-section-height-default\" data-id=\"b456e4c\" data-element_type=\"section\">\n\t\t\t\t\t\t<div class=\"elementor-container elementor-column-gap-default\">\n\t\t\t\t\t<div class=\"elementor-column elementor-col-66 elementor-top-column elementor-element elementor-element-723ed45\" data-id=\"723ed45\" data-element_type=\"column\">\n\t\t\t<div class=\"elementor-widget-wrap elementor-element-populated\">\n\t\t\t\t\t\t<div class=\"elementor-element elementor-element-17077d1 elementor-widget__width-initial elementor-widget elementor-widget-text-editor\" data-id=\"17077d1\" data-element_type=\"widget\" data-widget_type=\"text-editor.default\">\n\t\t\t\t<div class=\"elementor-widget-container\">\n\t\t\t\t\t\t\t<p style=\"font-weight: 400;\"><span style=\"font-family: gravity-book; font-size: 12pt;\">Un dialogue\u00a0entre le fant\u00f4me d\u2019Emily Bront\u00eb et Maryse Cond\u00e9, entrelac\u00e9 avec l\u2019histoire passionnelle de <em>La Migration des c\u0153urs (Wuthering Heights)<\/em>, o\u00f9 les trag\u00e9dies du pass\u00e9 traversent les g\u00e9n\u00e9rations. Cinq com\u00e9dien\u00b7ne\u00b7s aux horizons diff\u00e9rents portent ensemble ce r\u00e9cit universel ancr\u00e9 dans la Cara\u00efbe.<\/span><\/p>\n<p><span style=\"color: #00786e; font-family: 'Andale Mono', Times;\">________<\/span><\/p>\n<div>\n<p><span style=\"font-family: gravity-book; font-size: 12pt;\"><i>Wuthering Heights<\/i>\u00a0sont balay\u00e9s par les vents du Yorkshire. En 1771, le ma\u00eetre des lieux, Mr Earnshaw, adopte un jeune gar\u00e7on, Heathcliff, \u00ab noir comme le jais et le feu \u00bb, qu\u2019il ram\u00e8ne de Liverpool, alors grand port n\u00e9grier. L\u2019amiti\u00e9 enfantine de Heathcliff et Cathy, la fille de Mr Earnshaw, tourne \u00e0 la passion amoureuse, tandis que Hindley, le fils de la maison, ne cesse d\u2019humilier Heathcliff et de le rabaisser. Cathy finit par \u00e9pouser le fils des riches voisins, Edgar Linton.<\/span><\/p>\n<\/div>\n<div>\n<p><span style=\"font-family: gravity-book; font-size: 12pt;\">Heathcliff, furieux, fait fortune et rach\u00e8te Hurlevent ; Cathy meurt dans les bras de Heathcliff en mettant au monde une fille, appel\u00e9e aussi Catherine. Heathcliff inconsolable se venge sur Hindley, la famille Linton, et les g\u00e9n\u00e9rations suivantes.<\/span><\/p>\n<\/div>\n<div>\n<p><span style=\"font-family: gravity-book; font-size: 12pt;\">In <i>La Migration des c\u0153urs,<\/i>\u00a0l\u2019action se situe en Guadeloupe, au domaine de l\u2019Engoulevent, plateau calcaire battu par les vents, puis en d\u2019autres contr\u00e9es de la Cara\u00efbe, \u00e0 Cuba, \u00e0 la Dominique\u2026\u00a0\u00a0Heathcliff est devenu Razy\u00e9, \u00ab\u00a0n\u00e8gre ou bata-zindien\u00a0\u00bb comme le dit Maryse Cond\u00e9. La famille Linton est une riche famille b\u00e9k\u00e9, la famille de Linsseuil. Le racisme, la hi\u00e9rarchie des couleurs sous-jacente dans le texte de Bront\u00eb, sont explicit\u00e9s. Maryse Cond\u00e9 d\u00e9veloppe la deuxi\u00e8me g\u00e9n\u00e9ration, en invente une troisi\u00e8me &#8211; Cathy II s\u2019y av\u00e8re la fille ill\u00e9gitime de Cathy et Razy\u00e9, et rencontre son demi-fr\u00e8re, Razy\u00e9 II. Ils ont une fille, Anthuria, avec qui Razy\u00e9 II rentre en Guadeloupe apr\u00e8s la mort de Cathy II.<\/span><\/p>\n<\/div>\n<div>\n<p><span style=\"font-family: gravity-book; font-size: 12pt;\">Maryse Cond\u00e9 d\u00e9ploie toute la dimension politique, en situant l\u2019histoire une centaine d\u2019ann\u00e9es apr\u00e8s Bront\u00eb, dans une Guadeloupe marqu\u00e9e par la fin de l\u2019esclavage, la mont\u00e9e en puissance des socialistes et leurs ambivalences.<\/span><\/p>\n<\/div>\n<div>\n<p><span style=\"font-family: gravity-book; font-size: 12pt;\">Les fant\u00f4mes se d\u00e9ploient, les r\u00e9cits se d\u00e9multiplient, les passions se d\u00e9cha\u00eenent, dans un territoire o\u00f9 les \u00e9l\u00e9ments dominent, dans leur bruit et leur fureur.<\/span><\/p>\n<\/div>\n<p><span style=\"font-size: 12pt;\"><span style=\"color: #00786e; font-family: gravity-bold;\">EXTRACT FROM ANNE MONFORT'S NOTE OF INTENT<br \/><\/span><\/span><\/p>\n<p style=\"font-weight: 400;\"><span style=\"font-family: gravity-book; font-size: 12pt;\">Maryse Cond\u00e9 dit avoir \u00ab\u00a0cannibalis\u00e9\u00a0\u00bb le roman d\u2019Emily Bront\u00eb, enhardie par l\u2019exemple de Jean Rhys, qui, dans <em>La prisonni\u00e8re des Sargasses,<\/em> r\u00e9inventait les personnages de Jane Eyre et braquait la cam\u00e9ra sur la Cara\u00efbe. Maryse Cond\u00e9 dit : \u00ab en fait, il y a quelque chose des s\u0153urs <\/span><span style=\"font-family: gravity-book; font-size: 12pt;\">Bront\u00eb qui parle \u00e0 des femmes carib\u00e9ennes, de n\u2019importe quelle couleur, de n\u2019importe quel \u00e2ge\u2026 \u00bb.<\/span><\/p>\n<p style=\"font-weight: 400;\"><span style=\"font-family: gravity-book; font-size: 12pt;\">Mon geste de mise en sc\u00e8ne compose des arri\u00e8re-plans et des avant-plans, articule une banque de textes et une banque d\u2019images constitu\u00e9es par la lumi\u00e8re et le corps des interpr\u00e8tes, muettes, polys\u00e9miques, persistantes : le texte peut expliquer une image qu\u2019on ne comprend pas, ou au contraire entrer en contradiction avec elle, rendant le public actif d\u2019une enqu\u00eate.<\/span><\/p>\n<p style=\"font-weight: 400;\"><span style=\"font-family: gravity-book; font-size: 12pt;\">Pour faire entendre la langue des deux autrices, l\u2019adaptation rel\u00e8ve d\u2019un montage de textes des romans originaux et de documents en relation avec eux, solidaire du geste de mise en sc\u00e8ne, o\u00f9 le roman peut se transposer par le texte mais aussi par les images. Le roman y appara\u00eet comme mati\u00e8re pour l\u2019\u00e9criture de la partition comme pour les images, permettant d\u2019explorer les ellipses du r\u00e9cit ou de dilater un \u00e9v\u00e9nement \u00e0 l\u2019extr\u00eame.<\/span><\/p>\n<p><span style=\"caret-color: #00786e; color: #00786e; font-family: gravity-bold; font-size: 16px; font-style: normal; font-variant-caps: normal;\">UN MONTAGE DE PRODUCTION SPECIFIQUE<\/span><\/p>\n<p><span style=\"font-family: gravity-book; font-size: 12pt;\">La production est port\u00e9e par la compagnie day-for-night en \u00e9troite collaboration avec Textes en Paroles, et le Th\u00e9\u00e2tre le Poche \u00e0 Gen\u00e8ve.\u00a0 Textes En Paroles collabore \u00e0 la construction du projet dans son ing\u00e9nierie, son ancrage territorial, la s\u00e9lection des interpr\u00e8tes, de l\u2019\u00e9quipe technique et du collaborateur artistique Jos\u00e9 Jernidier, la logistique d\u2019organisation de la r\u00e9sidence en Guadeloupe ainsi que sur l\u2019effort de diffusion en Cara\u00efbe et hors territoire. Martine Corbat et le Poche Gen\u00e8ve ont contribu\u00e9 au projet sur le choix d\u2019un com\u00e9dien et d\u2019une sc\u00e9nographe et sur la diffusion du projet en Suisse, au Poche dans un premier temps.<\/span><\/p>\t\t\t\t\t\t<\/div>\n\t\t\t\t<\/div>\n\t\t\t\t<div class=\"elementor-element elementor-element-a0be9af elementor-widget elementor-widget-text-editor\" data-id=\"a0be9af\" data-element_type=\"widget\" data-widget_type=\"text-editor.default\">\n\t\t\t\t<div class=\"elementor-widget-container\">\n\t\t\t\t\t\t\t<p><span style=\"font-family: gravity-book; font-size: 10pt;\"><span style=\"font-family: gravity-bold; color: #00786e;\">PRODUCTION<\/span><br \/><span style=\"font-family: gravity-bold;\">Production<\/span> day-for-night<br \/><\/span><\/p>\n<p><span style=\"font-variant-ligatures: normal; font-variant-caps: normal; font-family: gravity-bold; font-size: 13.3333px; font-style: normal; font-weight: 400;\">En collaboration avec\u00a0<\/span><span style=\"font-family: gravity-book; font-size: 13.3333px; font-style: normal; font-variant-ligatures: normal; font-variant-caps: normal; font-weight: 400;\">Textes En Paroles &amp; Th\u00e9\u00e2tre LE POCHE Gen\u00e8ve<\/span><\/p>\n<p><span style=\"font-family: gravity-bold; font-size: 10pt;\">Coproduction <span style=\"font-family: gravity-book;\">Textes En Paroles, Th\u00e9\u00e2tre LE POCHE Gen\u00e8ve, L&#8217;Arc, Sc\u00e8ne nationale Le Creusot, L&#8217;Artchipel &#8211; Sc\u00e8ne nationale de la Guadeloupe\u00a0<\/span><\/span><\/p>\n<p><span style=\"font-family: gravity-bold; font-size: 13.3333px; font-style: normal; font-variant-ligatures: normal; font-variant-caps: normal; font-weight: 400;\">Soutiens\u00a0<\/span><span style=\"font-family: gravity-book; font-size: 10pt;\">Cit\u00e9 de la Langue Fran\u00e7aise \u2013 Ch\u00e2teau Villers-<\/span><span style=\"font-family: gravity-book; font-size: 10pt;\">Cotter\u00eats, Commission Internationale du Th\u00e9\u00e2tre <\/span><span style=\"font-family: gravity-book; font-size: 10pt;\">Francophone (CITF), Fondation pour la M\u00e9moire <\/span><span style=\"font-family: gravity-book; font-size: 10pt;\">de l\u2019Esclavage en partenariat avec l\u2019Agence Fra<\/span><span style=\"font-family: gravity-book; font-size: 10pt;\">n\u00e7aise de D\u00e9veloppement, Minist\u00e8re des Outres-<\/span><span style=\"font-family: gravity-book; font-size: 10pt;\">Mers, Compagnie Mil\u00e9toiles \u2013 R\u00e9sidence d\u2019ac<\/span><span style=\"font-family: gravity-book; font-size: 10pt;\">cueil 2025, financ\u00e9e par la DAC Guadeloupe, Cap <\/span><span style=\"font-family: gravity-book; font-size: 10pt;\">excellence \/ Centre Culturel Sonis &#8211; Les Abymes, <\/span><span style=\"font-family: gravity-book; font-size: 10pt;\">Lyc\u00e9e Carnot &#8211; Pointe-\u00e0-Pitre, Villa Belle Cr\u00e9ole <\/span><span style=\"font-family: gravity-book; font-size: 10pt;\">&#8211; Petit Bourg, salle Georges Tarer &#8211; Pointe-\u00e0-<\/span><span style=\"font-family: gravity-book; font-size: 10pt;\">Pitre, La Maison des A\u00een\u00e9s &#8211; Baie-Mahault, Ville <\/span><span style=\"font-family: gravity-book; font-size: 10pt;\">de Pointe-\u00e0-Pitre, La maison Jacques Copeau.<\/span><\/p>\n<p><span style=\"font-family: gravity-book; font-size: 10pt;\">The company day-for-night is subsidised by the DRAC Bourgogne Franche-Comt\u00e9 and the R\u00e9gion Bourgogne Franche-Comt\u00e9, and its projects are supported by the Conseil d\u00e9partemental du Doubs and the City of Besan\u00e7on.<\/span><\/p>\t\t\t\t\t\t<\/div>\n\t\t\t\t<\/div>\n\t\t\t\t\t<\/div>\n\t\t<\/div>\n\t\t\t\t<div class=\"elementor-column elementor-col-33 elementor-top-column elementor-element elementor-element-ffeafc5\" data-id=\"ffeafc5\" data-element_type=\"column\">\n\t\t\t<div class=\"elementor-widget-wrap elementor-element-populated\">\n\t\t\t\t\t\t<div class=\"elementor-element elementor-element-0fa1d38 elementor-widget elementor-widget-image\" data-id=\"0fa1d38\" data-element_type=\"widget\" data-widget_type=\"image.default\">\n\t\t\t\t<div class=\"elementor-widget-container\">\n\t\t\t\t\t\t\t\t\t\t\t\t\t<img fetchpriority=\"high\" decoding=\"async\" width=\"800\" height=\"534\" src=\"https:\/\/www.dayfornight.fr\/wp-content\/uploads\/2025\/10\/bronte-conde2.jpg\" class=\"attachment-large size-large wp-image-3954\" alt=\"\" srcset=\"https:\/\/www.dayfornight.fr\/wp-content\/uploads\/2025\/10\/bronte-conde2.jpg 1000w, https:\/\/www.dayfornight.fr\/wp-content\/uploads\/2025\/10\/bronte-conde2-300x200.jpg 300w, https:\/\/www.dayfornight.fr\/wp-content\/uploads\/2025\/10\/bronte-conde2-768x512.jpg 768w, https:\/\/www.dayfornight.fr\/wp-content\/uploads\/2025\/10\/bronte-conde2-18x12.jpg 18w\" sizes=\"(max-width: 800px) 100vw, 800px\" \/>\t\t\t\t\t\t\t\t\t\t\t\t\t<\/div>\n\t\t\t\t<\/div>\n\t\t\t\t<div class=\"elementor-element elementor-element-e13bedc elementor-widget elementor-widget-text-editor\" data-id=\"e13bedc\" data-element_type=\"widget\" data-widget_type=\"text-editor.default\">\n\t\t\t\t<div class=\"elementor-widget-container\">\n\t\t\t\t\t\t\t<p><span style=\"font-family: gravity-book;\">\u00a9 Portrait Emily Bront\u00eb \u00a9 National Portrait Gallery, London &#8211; Portrait Maryse Cond\u00e9 \u00a9Elsa Rakoto\u00a0<\/span><\/p>\t\t\t\t\t\t<\/div>\n\t\t\t\t<\/div>\n\t\t\t\t<div class=\"elementor-element elementor-element-739b129 elementor-widget elementor-widget-text-editor\" data-id=\"739b129\" data-element_type=\"widget\" data-widget_type=\"text-editor.default\">\n\t\t\t\t<div class=\"elementor-widget-container\">\n\t\t\t\t\t\t\t<div class=\"elementor-element elementor-element-3dc25af elementor-widget elementor-widget-text-editor\" data-id=\"3dc25af\" data-element_type=\"widget\" data-widget_type=\"text-editor.default\">\n<div class=\"elementor-widget-container\">\n<div class=\"elementor-text-editor elementor-clearfix\">\n<p><span style=\"font-family: gravity-bold; font-size: 10pt; color: #00786e;\">CAST<\/span><br \/><span style=\"font-family: gravity-book; font-size: 10pt; color: #ffffff;\">Freely inspired by <span style=\"font-family: gravity-bold;\">Maryse Cond\u00e9 and Emily Bront\u00eb<\/span><\/span><br \/><span style=\"font-family: gravity-book; font-size: 10pt; color: #ffffff;\">Concept and direction <span style=\"font-family: gravity-bold;\">Anne Monfort<br \/><span style=\"font-family: gravity-book;\">Artistic collaboration<\/span> Laure Bachelier-Mazon, Jos\u00e9 Jernidier, Fanny Holland<\/span><\/span><br \/><span style=\"font-size: 10pt; color: #ffffff;\"><span style=\"font-family: gravity-book;\">With <span style=\"font-family: gravity-bold;\">Harry Baltus, Judith Henry, Isabelle Kancel, Coralie M\u00e9ride, Djemi Pittet<br \/><\/span><\/span><span style=\"font-family: gravity-book;\">Music creation <span style=\"font-family: gravity-bold;\">N\u00faria Gimenez Comas<br \/><span style=\"font-family: gravity-book;\">Cr\u00e9ation lumi\u00e8re &amp; r\u00e9gie<\/span> Roger Olivier (Guadeloupe), C\u00e9cile Robin (Hexagone\/Europe)<br \/><\/span><\/span><span style=\"font-family: gravity-book;\">Sc\u00e9nographie <span style=\"font-family: gravity-bold;\">Irina de Faveri<\/span><\/span><\/span><br \/><span style=\"font-family: gravity-book; font-size: 10pt; color: #ffffff;\">Costumes <span style=\"font-family: gravity-bold;\">Marine Gressier\u00a0<\/span><\/span><br \/><span style=\"font-family: gravity-book; font-size: 10pt; color: #ffffff;\">Administration and production <span style=\"font-family: gravity-bold;\">Yohan Rantswiler<\/span><\/span><br \/><span style=\"font-family: gravity-book; font-size: 10pt; color: #ffffff;\">Production and booking <span style=\"font-family: gravity-bold;\">Florence Francisco et Gabrielle Baille \u2013 Les Productions de la Seine<\/span><\/span><br \/><span style=\"font-family: gravity-book; font-size: 10pt; color: #ffffff;\">Press relations <span style=\"font-family: gravity-bold;\">Olivier Saksik \u2013 Elektronlibre<\/span><\/span><\/p>\n<\/div>\n<\/div>\n<\/div>\t\t\t\t\t\t<\/div>\n\t\t\t\t<\/div>\n\t\t\t\t<div class=\"elementor-element elementor-element-efac4e0 elementor-widget elementor-widget-text-editor\" data-id=\"efac4e0\" data-element_type=\"widget\" data-widget_type=\"text-editor.default\">\n\t\t\t\t<div class=\"elementor-widget-container\">\n\t\t\t\t\t\t\t<p><span style=\"font-family: gravity-bold; font-size: 10pt; color: #00786e;\">MORE INFORMATIONS<\/span><br \/><a href=\"https:\/\/www.dayfornight.fr\/wp-content\/uploads\/2025\/10\/DOSSIER_La-migration-des-coeurs_8.10.25.pdf\"><span style=\"text-decoration: underline;\"><span style=\"color: #ffffff; text-decoration: underline;\"><span style=\"font-family: gravity-book; font-size: 10pt;\">x Download the artistic dossier in french<\/span><\/span><\/span><\/a><\/p>\t\t\t\t\t\t<\/div>\n\t\t\t\t<\/div>\n\t\t\t\t<div class=\"elementor-element elementor-element-de3a957 elementor-widget elementor-widget-text-editor\" data-id=\"de3a957\" data-element_type=\"widget\" data-widget_type=\"text-editor.default\">\n\t\t\t\t<div class=\"elementor-widget-container\">\n\t\t\t\t\t\t\t<p><span style=\"font-family: gravity-bold; font-size: 10pt; color: #00786e;\">PERFORMANCE DATES<\/span><br \/><span style=\"font-family: gravity-book;\"><span style=\"font-family: gravity-bold;\">Les 6 &amp; 7 mai 2026<\/span> | Avant-premi\u00e8re, version l\u00e9g\u00e8re itin\u00e9rante<\/span><br \/><span style=\"font-family: gravity-book;\">Festival Cap Excellence en Th\u00e9\u00e2tre, en partenariat avec Textes En Paroles, au M\u00e9morial ACTe de Point-\u00e0-Pitre, Guadeloupe<\/span><br \/><span style=\"font-family: gravity-bold;\">Les 16 &amp; 17 octobre 2026\u00a0<\/span><br \/><span style=\"font-family: gravity-book;\">L&#8217;Artchipel &#8211; Sc\u00e8ne nationale de la Guadeloupe<\/span><br \/><span style=\"font-family: gravity-book;\"><span style=\"font-family: gravity-bold;\">Les 20 &amp; 21 octobre 2026<\/span> (en cours de confirmation)<\/span><br \/><span style=\"font-family: gravity-book;\">Centre Culturel Suisse, en partenariat avec le Mois Kr\u00e9yol, Paris<\/span><br \/><span style=\"font-family: gravity-bold;\">Du 29 octobre au 8 novembre 2026\u00a0<\/span><br \/><span style=\"font-family: gravity-book;\">Th\u00e9\u00e2tre Le Poche, Gen\u00e8ve<\/span><br \/><span style=\"font-family: gravity-bold;\">Le 12 novembre 2026\u00a0<\/span><br \/><span style=\"font-family: gravity-book;\">L&#8217;Arc &#8211; Sc\u00e8ne nationale Le Creusot<\/span><\/p>\t\t\t\t\t\t<\/div>\n\t\t\t\t<\/div>\n\t\t\t\t\t<\/div>\n\t\t<\/div>\n\t\t\t\t\t<\/div>\n\t\t<\/section>\n\t\t\t\t<\/div>","protected":false},"excerpt":{"rendered":"<p>________ la migration des c\u0153urs (les hauts de hurlevent)CR\u00c9ATION 2025 &#8211; 2026 Un dialogue\u00a0entre le fant\u00f4me d\u2019Emily Bront\u00eb et Maryse<\/p>","protected":false},"author":1,"featured_media":0,"parent":0,"menu_order":0,"comment_status":"closed","ping_status":"closed","template":"","meta":[],"_links":{"self":[{"href":"https:\/\/www.dayfornight.fr\/en\/wp-json\/wp\/v2\/pages\/3130"}],"collection":[{"href":"https:\/\/www.dayfornight.fr\/en\/wp-json\/wp\/v2\/pages"}],"about":[{"href":"https:\/\/www.dayfornight.fr\/en\/wp-json\/wp\/v2\/types\/page"}],"author":[{"embeddable":true,"href":"https:\/\/www.dayfornight.fr\/en\/wp-json\/wp\/v2\/users\/1"}],"replies":[{"embeddable":true,"href":"https:\/\/www.dayfornight.fr\/en\/wp-json\/wp\/v2\/comments?post=3130"}],"version-history":[{"count":131,"href":"https:\/\/www.dayfornight.fr\/en\/wp-json\/wp\/v2\/pages\/3130\/revisions"}],"predecessor-version":[{"id":4152,"href":"https:\/\/www.dayfornight.fr\/en\/wp-json\/wp\/v2\/pages\/3130\/revisions\/4152"}],"wp:attachment":[{"href":"https:\/\/www.dayfornight.fr\/en\/wp-json\/wp\/v2\/media?parent=3130"}],"curies":[{"name":"wp","href":"https:\/\/api.w.org\/{rel}","templated":true}]}}