{"id":3323,"date":"2024-03-29T15:20:50","date_gmt":"2024-03-29T15:20:50","guid":{"rendered":"https:\/\/www.dayfornight.fr\/?page_id=3323"},"modified":"2026-04-21T09:15:25","modified_gmt":"2026-04-21T09:15:25","slug":"entre-sen-foutre-et-en-crever","status":"publish","type":"page","link":"https:\/\/www.dayfornight.fr\/en\/entre-sen-foutre-et-en-crever\/","title":{"rendered":"Entre s&#8217;en foutre et en crever"},"content":{"rendered":"<div data-elementor-type=\"wp-page\" data-elementor-id=\"3323\" class=\"elementor elementor-3323\">\n\t\t\t\t\t\t<section class=\"elementor-section elementor-top-section elementor-element elementor-element-1147465e elementor-section-boxed elementor-section-height-default elementor-section-height-default\" data-id=\"1147465e\" data-element_type=\"section\">\n\t\t\t\t\t\t<div class=\"elementor-container elementor-column-gap-default\">\n\t\t\t\t\t<div class=\"elementor-column elementor-col-100 elementor-top-column elementor-element elementor-element-506f0a6f\" data-id=\"506f0a6f\" data-element_type=\"column\">\n\t\t\t<div class=\"elementor-widget-wrap elementor-element-populated\">\n\t\t\t\t\t\t<div class=\"elementor-element elementor-element-4d8bd23b elementor-widget elementor-widget-text-editor\" data-id=\"4d8bd23b\" data-element_type=\"widget\" data-widget_type=\"text-editor.default\">\n\t\t\t\t<div class=\"elementor-widget-container\">\n\t\t\t\t\t\t\t<!-- wp:fl-builder\/layout \/-->\t\t\t\t\t\t<\/div>\n\t\t\t\t<\/div>\n\t\t\t\t\t<\/div>\n\t\t<\/div>\n\t\t\t\t\t<\/div>\n\t\t<\/section>\n\t\t\t\t<section class=\"elementor-section elementor-top-section elementor-element elementor-element-52ca0ce elementor-section-boxed elementor-section-height-default elementor-section-height-default\" data-id=\"52ca0ce\" data-element_type=\"section\">\n\t\t\t\t\t\t<div class=\"elementor-container elementor-column-gap-default\">\n\t\t\t\t\t<div class=\"elementor-column elementor-col-100 elementor-top-column elementor-element elementor-element-62a5bcf\" data-id=\"62a5bcf\" data-element_type=\"column\">\n\t\t\t<div class=\"elementor-widget-wrap elementor-element-populated\">\n\t\t\t\t\t\t<div class=\"elementor-element elementor-element-cdd7580 elementor-widget elementor-widget-text-editor\" data-id=\"cdd7580\" data-element_type=\"widget\" data-widget_type=\"text-editor.default\">\n\t\t\t\t<div class=\"elementor-widget-container\">\n\t\t\t\t\t\t\t<p style=\"font-variant-ligatures: normal; font-variant-caps: normal; font-family: Roboto, sans-serif; font-size: 16px; font-style: normal; font-weight: 400;\"><span style=\"font-family: 'Andale Mono', Times; font-size: 16px; color: #00786e;\">________<\/span><\/p>\n<p style=\"font-variant-ligatures: normal; font-variant-caps: normal; font-family: Roboto, sans-serif; font-size: 16px; font-style: normal; font-weight: 400;\"><span style=\"font-size: 16px; color: #00786e;\"><span style=\"font-family: gravity-light; font-size: 16px;\"><span style=\"font-size: 48px;\">entre s&#8217;en foutre et en crever<br \/><\/span><\/span><\/span><span style=\"font-variant-ligatures: normal; font-variant-caps: normal; font-family: gravity-book; font-size: 13.3333px; font-style: normal; font-weight: 400; color: #00786e;\">CREATION 2025-2026<br \/><\/span><\/p>\t\t\t\t\t\t<\/div>\n\t\t\t\t<\/div>\n\t\t\t\t\t<\/div>\n\t\t<\/div>\n\t\t\t\t\t<\/div>\n\t\t<\/section>\n\t\t\t\t<section class=\"elementor-section elementor-top-section elementor-element elementor-element-5b8ed50 elementor-section-boxed elementor-section-height-default elementor-section-height-default\" data-id=\"5b8ed50\" data-element_type=\"section\">\n\t\t\t\t\t\t<div class=\"elementor-container elementor-column-gap-default\">\n\t\t\t\t\t<div class=\"elementor-column elementor-col-66 elementor-top-column elementor-element elementor-element-4a5eef9\" data-id=\"4a5eef9\" data-element_type=\"column\">\n\t\t\t<div class=\"elementor-widget-wrap elementor-element-populated\">\n\t\t\t\t\t\t<div class=\"elementor-element elementor-element-9b558b2 elementor-widget elementor-widget-text-editor\" data-id=\"9b558b2\" data-element_type=\"widget\" data-widget_type=\"text-editor.default\">\n\t\t\t\t<div class=\"elementor-widget-container\">\n\t\t\t\t\t\t\t<p><span style=\"font-family: gravity-book; font-size: 12pt;\">\u00c0 travers une galerie de personnages f\u00e9minins singuliers, <em>Entre s\u2019en foutre et en crever<\/em> interroge avec humour et rhapsodie les traumatismes que l\u2019on porte et qui se transmettent d\u2019une g\u00e9n\u00e9ration \u00e0 l\u2019autre. Une vieille dame de 93 ans en train d\u2019accoucher, une jeune femme qui va tr\u00e8s bien mais que sa m\u00e8re envoie consulter des docteurs, une femme m\u00e9decin hant\u00e9e par Fran\u00e7oise Sagan\u2026 Cinq corps de femmes portent une langue m\u00ealant r\u00e9el et fantastique, intime et politique.<\/span><\/p>\n<p><span style=\"font-family: 'Andale Mono', Times;\">____________<\/span><\/p>\n<p><span style=\"font-family: gravity-book; font-size: 12pt;\">St\u00e9phane is in a bad way. She hasn't been able to sleep since an old man sat on her every night. And yet, as a doctor at La Palmeraie, St\u00e9phane has no choice: every morning, she has to go to work, to care, to look after. So St\u00e9phane smokes, drinks coffee and talks to Fran\u00e7oise Sagan, whom she crosses every morning on her way to the hospital. Or maybe it's her park (which she walks through).<\/span><br \/><span style=\"font-family: gravity-book; font-size: 12pt;\">St\u00e9phane isn't quite sure. Who's in trouble? Her or the others? And who to believe? Grandma, aged 93, who gives birth to a stillborn Mike at the Palmeraie, or Jos\u00e9phine, her obese little hottie, who has her stomach cut open by Daronne, who is determined to put a gastric band in her \"for her own good\"? Operating, vivisecting, opening up and cutting into the fat could well be pointless, when the ghosts of the past come to haunt the nights and a mysterious bluish-black man turns up at the door, who could well be the ghost of another child, the \"collateral damage\" of a conflict that just won't go away. Claire Barrab\u00e8s explores the transmission of trauma and epigenetics. She also draws on her previous research into rape as a weapon of war.<\/span><\/p>\n<p><span style=\"font-size: 12pt;\"><span style=\"color: #00786e; font-family: gravity-bold;\">EXTRACT FROM ANNE MONFORT'S NOTE OF INTENT<br \/><\/span><\/span><\/p>\n<p><span style=\"font-family: gravity-book; font-size: 12pt;\">Je connais l\u2019\u00e9criture de Claire Barrab\u00e8s depuis de nombreuses ann\u00e9es, ayant lu <em>Dis, camion<\/em> and<em> Le jardin des simples<\/em>, puis accompagn\u00e9 l\u2019\u00e9criture de<em> Soulevez l\u2019opercule<\/em> lors de la r\u00e9sidence de l\u2019autrice \u00e0 la Maison Maria Casar\u00e8s. J\u2019ai eu aussi l\u2019occasion de monter au Nouveau Th\u00e9\u00e2tre de Besan\u00e7on\u00a0<em>La t\u00eate pleine d\u2019eau,<\/em> montage de textes compos\u00e9 par Claire Barrab\u00e8s pour une \u00e9quipe de dix-sept jeunes acteurices en formation.<\/span><\/p>\n<p><span style=\"font-family: gravity-book; font-size: 12pt;\">When I read <em>Entre s\u2019en foutre et en crever<\/em>, il m\u2019a sembl\u00e9 qu\u2019avec ce texte, Claire touchait \u00e0 une pr\u00e9cision et une intensit\u00e9 peu communes. Le texte m\u2019a plu par sa dimension d\u2019enqu\u00eate historique, de recherche de sens \u00e0 travers les g\u00e9n\u00e9rations, par les assignations qu\u2019il raconte sur le corps des femmes, \u00e0 l\u2019intersection de l\u2019intime et du corps politique. La pr\u00e9cision de la langue, rythmique, rhapsodique, apporte une musicalit\u00e9 qui am\u00e8ne un espace th\u00e9\u00e2tral po\u00e9tique \u00e9vident. J\u2019ai eu donc l\u2019envie de porter ce projet au plateau, de faire entendre et donner \u00e0 voir ces m\u00e9andres de la m\u00e9moire, cach\u00e9e, r\u00e9v\u00e9l\u00e9e, en travaillant sur les tableaux et les espaces.<\/span><\/p>\n<p><span style=\"font-family: gravity-book; font-size: 12pt;\">Pour ce faire, j\u2019ai r\u00e9uni une \u00e9quipe d\u2019actrices aux fortes identit\u00e9s \u2013 Anne S\u00e9e et Judith Henry qui m\u2019accompagnent depuis plusieurs spectacles incarneront la daronne et Sagan, Bernadette Le Sach\u00e9, dont j\u2019aime l\u2019\u00e9nergie folle et l\u2019espi\u00e8glerie jouera Mam\u00e9, Virgile L Leclerc \u00e0 la pr\u00e9sence sc\u00e9nique intense portera\u00a0 le personnage se St\u00e9phane aux c\u00f4t\u00e9s de Jos\u00e9phine, incarn\u00e9e par Marina Mouniapin, que j\u2019ai rencontr\u00e9 au CNSAD o\u00f9 elle composait une merveilleuse Agn\u00e8s Varda dans mon spectacle <em>Jouer avec les fant\u00f4mes<\/em>.<\/span><\/p>\n<p><span style=\"font-family: gravity-book; font-size: 12pt;\">Cette belle \u00e9quipe, interg\u00e9n\u00e9rationnelle, s\u2019est engag\u00e9e avec force dans ce projet dr\u00f4le et impertinent, dans cette \u00e9criture pr\u00e9cise et totalement accessible, qui, il me semble, peuvent vraiment rencontrer le public avec bonheur.<\/span><\/p>\t\t\t\t\t\t<\/div>\n\t\t\t\t<\/div>\n\t\t\t\t<div class=\"elementor-element elementor-element-80b8d36 elementor-widget elementor-widget-text-editor\" data-id=\"80b8d36\" data-element_type=\"widget\" data-widget_type=\"text-editor.default\">\n\t\t\t\t<div class=\"elementor-widget-container\">\n\t\t\t\t\t\t\t<p><span style=\"font-family: gravity-book; font-size: 10pt;\"><span style=\"font-family: gravity-bold; color: #00786e;\">PRODUCTION<\/span><br \/><span style=\"font-family: gravity-bold;\">Production<\/span> day-for-night<br \/><\/span><\/p>\n<p><span style=\"font-family: gravity-bold; font-size: 10pt;\">Coproduction <span style=\"font-family: gravity-book;\">Th\u00e9\u00e2tre Dijon Bourgogne &#8211; Centre dramatique national, Nouveau Th\u00e9\u00e2tre Besan\u00e7on &#8211; CDN (production en cours)<\/span><\/span><\/p>\n<p><span style=\"font-family: gravity-bold; font-size: 10pt;\"><span style=\"font-family: gravity-book;\"><span style=\"font-family: gravity-bold;\">Soutiens <\/span>Jeune th\u00e9\u00e2tre national (JTN), de l&#8217;ENSATT &#8211; \u00c9cole Nationale Sup\u00e9rieure des Arts et Techniques du Th\u00e9\u00e2tre, du Th\u00e9\u00e2tre Edwige Feuill\u00e8re de Vesoul<\/span><\/span><\/p>\n<p><span style=\"font-family: gravity-book; font-size: 10pt;\">The company day-for-night is subsidised by the DRAC Bourgogne Franche-Comt\u00e9 and the R\u00e9gion Bourgogne Franche-Comt\u00e9, and its projects are supported by the Conseil d\u00e9partemental du Doubs and the City of Besan\u00e7on.<\/span><\/p>\t\t\t\t\t\t<\/div>\n\t\t\t\t<\/div>\n\t\t\t\t\t<\/div>\n\t\t<\/div>\n\t\t\t\t<div class=\"elementor-column elementor-col-33 elementor-top-column elementor-element elementor-element-50128f5\" data-id=\"50128f5\" data-element_type=\"column\">\n\t\t\t<div class=\"elementor-widget-wrap elementor-element-populated\">\n\t\t\t\t\t\t<div class=\"elementor-element elementor-element-32ebce7 elementor-widget elementor-widget-image\" data-id=\"32ebce7\" data-element_type=\"widget\" data-widget_type=\"image.default\">\n\t\t\t\t<div class=\"elementor-widget-container\">\n\t\t\t\t\t\t\t\t\t\t\t\t\t<img fetchpriority=\"high\" decoding=\"async\" width=\"612\" height=\"438\" src=\"https:\/\/www.dayfornight.fr\/wp-content\/uploads\/2024\/03\/\u00a9vicnt.jpg\" class=\"attachment-large size-large wp-image-3326\" alt=\"\" srcset=\"https:\/\/www.dayfornight.fr\/wp-content\/uploads\/2024\/03\/\u00a9vicnt.jpg 612w, https:\/\/www.dayfornight.fr\/wp-content\/uploads\/2024\/03\/\u00a9vicnt-300x215.jpg 300w, https:\/\/www.dayfornight.fr\/wp-content\/uploads\/2024\/03\/\u00a9vicnt-18x12.jpg 18w\" sizes=\"(max-width: 612px) 100vw, 612px\" \/>\t\t\t\t\t\t\t\t\t\t\t\t\t<\/div>\n\t\t\t\t<\/div>\n\t\t\t\t<div class=\"elementor-element elementor-element-52139f6 elementor-widget__width-initial elementor-widget elementor-widget-text-editor\" data-id=\"52139f6\" data-element_type=\"widget\" data-widget_type=\"text-editor.default\">\n\t\t\t\t<div class=\"elementor-widget-container\">\n\t\t\t\t\t\t\t<p><span style=\"font-family: gravity-bold; font-size: 10pt; color: #00786e;\">CAST<\/span><br \/><span style=\"font-family: gravity-book; font-size: 10pt;\">Text\u00a0<span style=\"font-family: gravity-bold;\">Claire Barrab\u00e8s<\/span><\/span><br \/><span style=\"font-family: gravity-book; font-size: 10pt;\">Direction <span style=\"font-family: gravity-bold;\">Anne Monfort<\/span><br \/><\/span><span style=\"font-family: gravity-book; font-size: 10pt;\">With <span style=\"font-family: gravity-bold;\">\u00a0Judith Henry, Virgile L. Leclerc, Bernadette Le Sach\u00e9, Marina Mouniapin, Anne S\u00e9e<\/span>\u00a0<br \/>Artistic collaboration <span style=\"font-family: gravity-bold;\">Laure Bachelier Mazon<\/span><br \/>Assistant director <span style=\"font-family: gravity-bold;\">Fanny Holland<\/span><br \/>Cr\u00e9ation lumi\u00e8re <span style=\"font-family: gravity-bold;\">C\u00e9cile Robin\u00a0<\/span><br \/>Sound design <span style=\"font-family: gravity-bold;\">en cours\u00a0<\/span><br \/>Costumes <span style=\"font-family: gravity-bold;\">Marine Gressier<\/span><br \/><\/span><span style=\"font-family: gravity-book; font-size: 10pt;\">Administration and production <\/span><span style=\"font-size: 10pt;\"><span style=\"font-family: gravity-bold;\">Yohan Rantswiler<br \/><\/span><\/span><span style=\"font-family: gravity-book; font-size: 10pt;\">Production and booking <\/span><span style=\"font-size: 10pt;\"><span style=\"font-family: gravity-bold;\">Florence Francisco et Gabrielle Baille \u2013 Les Productions de la Seine<br \/><\/span><\/span><span style=\"font-family: gravity-book; font-size: 10pt;\">Press relations <\/span><span style=\"font-size: 10pt; font-family: gravity-bold;\">Olivier Saksik \u2013 Elektronlibre<\/span><\/p>\t\t\t\t\t\t<\/div>\n\t\t\t\t<\/div>\n\t\t\t\t<div class=\"elementor-element elementor-element-a0ae224 elementor-widget elementor-widget-text-editor\" data-id=\"a0ae224\" data-element_type=\"widget\" data-widget_type=\"text-editor.default\">\n\t\t\t\t<div class=\"elementor-widget-container\">\n\t\t\t\t\t\t\t<p><span style=\"font-family: gravity-bold; font-size: 10pt; color: #00786e;\">MORE INFORMATIONS<\/span><br \/><a href=\"https:\/\/www.dayfornight.fr\/wp-content\/uploads\/2025\/09\/DOSSIER_Entre-s-en-foutre-et-en-crever_0925.pdf\"><span style=\"text-decoration: underline;\"><span style=\"color: #ffffff; text-decoration: underline;\"><span style=\"font-family: gravity-book; font-size: 10pt;\">x Download the artistic dossier in french<\/span><\/span><\/span><\/a><\/p>\t\t\t\t\t\t<\/div>\n\t\t\t\t<\/div>\n\t\t\t\t<div class=\"elementor-element elementor-element-0424ae2 elementor-widget elementor-widget-text-editor\" data-id=\"0424ae2\" data-element_type=\"widget\" data-widget_type=\"text-editor.default\">\n\t\t\t\t<div class=\"elementor-widget-container\">\n\t\t\t\t\t\t\t<p><span style=\"font-family: gravity-bold; font-size: 10pt; color: #00786e;\">DATES DE REPR\u00c9SENTATIONS\u00a0<\/span><br \/><span style=\"font-family: gravity-bold; font-size: 10pt;\">Du 14 au 22 janvier 2027<\/span><br \/><span style=\"font-family: gravity-book; font-size: 10pt;\">Th\u00e9\u00e2tre Dijon Bourgogne &#8211; CDN<\/span><br \/><span style=\"font-family: gravity-bold; font-size: 10pt;\">Le 11 f\u00e9vrier 2027<\/span><br \/><span style=\"font-family: gravity-book; font-size: 10pt;\">Th\u00e9\u00e2tre d&#8217;Auxerre<\/span><br \/><span style=\"font-family: gravity-bold; font-size: 10pt;\">Du 27 au 29 avril 2027<\/span><br \/><span style=\"font-family: gravity-book; font-size: 10pt;\">Nouveau Th\u00e9\u00e2tre Besan\u00e7on &#8211; CDN<\/span><br \/><span style=\"font-family: gravity-bold; font-size: 10pt;\">Du 28 mai au 20 juin 2027<\/span><br \/><span style=\"font-family: gravity-book; font-size: 10pt;\">Th\u00e9\u00e2tre de la Temp\u00eate, Paris<\/span><\/p>\t\t\t\t\t\t<\/div>\n\t\t\t\t<\/div>\n\t\t\t\t\t<\/div>\n\t\t<\/div>\n\t\t\t\t\t<\/div>\n\t\t<\/section>\n\t\t\t\t<\/div>","protected":false},"excerpt":{"rendered":"<p>________ entre s&#8217;en foutre et en creverCR\u00c9ATION 2025-2026 \u00c0 travers une galerie de personnages f\u00e9minins singuliers, Entre s\u2019en foutre et<\/p>","protected":false},"author":1,"featured_media":0,"parent":0,"menu_order":0,"comment_status":"closed","ping_status":"closed","template":"","meta":[],"_links":{"self":[{"href":"https:\/\/www.dayfornight.fr\/en\/wp-json\/wp\/v2\/pages\/3323"}],"collection":[{"href":"https:\/\/www.dayfornight.fr\/en\/wp-json\/wp\/v2\/pages"}],"about":[{"href":"https:\/\/www.dayfornight.fr\/en\/wp-json\/wp\/v2\/types\/page"}],"author":[{"embeddable":true,"href":"https:\/\/www.dayfornight.fr\/en\/wp-json\/wp\/v2\/users\/1"}],"replies":[{"embeddable":true,"href":"https:\/\/www.dayfornight.fr\/en\/wp-json\/wp\/v2\/comments?post=3323"}],"version-history":[{"count":95,"href":"https:\/\/www.dayfornight.fr\/en\/wp-json\/wp\/v2\/pages\/3323\/revisions"}],"predecessor-version":[{"id":4145,"href":"https:\/\/www.dayfornight.fr\/en\/wp-json\/wp\/v2\/pages\/3323\/revisions\/4145"}],"wp:attachment":[{"href":"https:\/\/www.dayfornight.fr\/en\/wp-json\/wp\/v2\/media?parent=3323"}],"curies":[{"name":"wp","href":"https:\/\/api.w.org\/{rel}","templated":true}]}}